{"id":5219,"date":"2015-06-11T13:53:40","date_gmt":"2015-06-11T13:53:40","guid":{"rendered":"http:\/\/chestnut.fr\/?page_id=5219"},"modified":"2015-07-10T17:32:58","modified_gmt":"2015-07-10T17:32:58","slug":"dates-previsionnelles-2015-2016","status":"publish","type":"page","link":"https:\/\/chestnut.ovh\/en\/dates-previsionnelles-2015-2016\/","title":{"rendered":"Dates pr\u00e9visionnelles 2015-2016"},"content":{"rendered":"<p><a href=\"http:\/\/chestnut.fr\/wp-content\/uploads\/2013\/08\/20140809_065740-e1434104689628.jpg\"><img loading=\"lazy\" decoding=\"async\" class=\"alignleft size-medium wp-image-5240\" src=\"http:\/\/chestnut.fr\/wp-content\/uploads\/2013\/08\/20140809_065740-e1434104689628-225x300.jpg\" alt=\"20140809_065740\" width=\"225\" height=\"300\" \/><\/a><\/p>\n<ol>\n<li style=\"text-align: center;\"><strong><span style=\"text-decoration: underline;\">les cours<\/span>\u00a0<\/strong><\/li>\n<\/ol>\n<ul>\n<li><strong>Cours D\u00e9butants\u00a0:<\/strong> tous les jeudis soir de 18h30 \u00e0 20h (du 17 septembre au 16 juin\u00a0hors vacances scolaires)<\/li>\n<li><strong>Cours Interm\u00e9diaires : <\/strong>un jeudi soir sur deux\u00a0de 20h \u00e0 21h30<strong>\u00a0<\/strong>en alternance avec les cours Avanc\u00e9s &#8211; 1er cours Interm\u00e9diaires : jeudi 17 septembre<\/li>\n<li><strong>Cours Avanc\u00e9s\u00a0: <\/strong>un jeudi soir sur deux\u00a0de 20h \u00e0 21h30<strong>\u00a0<\/strong>en alternance avec les cours Interm\u00e9diaires &#8211; 1er cours Avanc\u00e9s\u00a0: jeudi 24 septembre<\/li>\n<\/ul>\n<hr \/>\n<ol start=\"2\">\n<li style=\"text-align: center;\"><span style=\"text-decoration: underline;\"><strong>les Stages D\u00e9butants : le dimanche de 10h30 \u00e0 17h<\/strong><\/span><\/li>\n<\/ol>\n<p style=\"text-align: center;\">7 dates = 11 octobre \/ 8 novembre \/ 13 d\u00e9cembre \/ 10 janvier 2016 \/ 14 f\u00e9vrier \/ 13 mars \/ 17 avril<\/p>\n<hr \/>\n<ol start=\"3\">\n<li style=\"text-align: center;\"><span style=\"text-decoration: underline;\"><strong>les stages Confirm\u00e9s avec musiciens : le dimanche de 10h30 \u00e0 17h<\/strong><\/span><\/li>\n<\/ol>\n<p style=\"text-align: center;\">3 dates = 22 novembre \/ 24 janvier \/ 3 avril<\/p>\n<hr \/>\n<ol start=\"4\">\n<li style=\"text-align: center;\"><span style=\"text-decoration: underline;\"><strong>les mini-stages PBC Pr\u00e9paration du Bal en Costumes\u00a0: le samedi de 14h30 \u00e0 17h30<\/strong><\/span><\/li>\n<\/ol>\n<p style=\"text-align: center;\">7 dates = 10 octobre \/ 7 novembre \/ 12 d\u00e9cembre \/ 9 janvier \/ 13 f\u00e9vrier \/ 12 mars \/ 16 avril<\/p>\n<hr \/>\n<ol start=\"5\">\n<li style=\"text-align: center;\"><span style=\"text-decoration: underline;\"><strong>les mini-stages Renaissance fran\u00e7aise et Italienne : le dimanche matin de 10h \u00e0 13h<\/strong><\/span><\/li>\n<\/ol>\n<p style=\"text-align: center;\">2 dates = 18 octobre\u00a0\/ 20 d\u00e9cembre<\/p>\n<hr \/>\n<ol start=\"6\">\n<li style=\"text-align: center;\"><span style=\"text-decoration: underline;\"><strong>le mini-stage de r\u00e9vision du bal Pat Shaw du lendemain\u00a0:<\/strong><\/span><\/li>\n<\/ol>\n<p style=\"text-align: center;\">le samedi 19 mars de 16h \u00e0 19h<\/p>\n<hr \/>\n<ol start=\"7\">\n<li style=\"text-align: center;\">\n<blockquote><p><strong><span style=\"text-decoration: underline;\">ABC du bal (14h30-16h30) suivi du Bal avec musiciens (18h-21h)<\/span> :\u00a0<\/strong><\/p><\/blockquote>\n<blockquote><p>les dimanches 29 novembre et 20 mars<\/p><\/blockquote>\n<\/li>\n<\/ol>\n<hr \/>\n<ol start=\"8\">\n<li style=\"text-align: center;\"><span style=\"text-decoration: underline;\"><strong>les stages de plusieurs jours \u00e0 Paris<\/strong><\/span><\/li>\n<\/ol>\n<ul>\n<li><strong>Vacances de Toussaint : \u00a0D\u00e9butants et Interm\u00e9diaires : <\/strong>lundi 26 et mardi 27 octobre de 10h30 \u00e0 17 et mercredi 28 de 11h30 \u00e0 18h<\/li>\n<li><strong>Vacances de Toussaint : Confirm\u00e9s\u00a0&#8220;les nouveaux chor\u00e9graphes&#8221; : <\/strong>jeudi 29 octobre de 18h \u00e0 21h \/ vendredi 30 octobre et samedi 31 octobre de 10h30 \u00e0 17h30 \/ dimanche 1er novembre de 10h30 \u00e0 13h30<\/li>\n<li><strong>Vacances de printemps : D\u00e9butants et Interm\u00e9diaires &#8220;PBC (Pr\u00e9paration au Bal en Costume) \u00e0 minima&#8221; : <\/strong>jeudi 28 avril\u00a0 de 18h \u00e0 21h \/ vendredi 29 avril et samedi 30 avril de 10h30 \u00e0 17h \/ dimanche 1er mai de 10h30 \u00e0 13h30<\/li>\n<li><strong>Pont de l&#8217;Ascension\u00a0\u00a0: Confirm\u00e9s PBC (Pr\u00e9paration du Bal en Costume) &#8211; formule intensive <\/strong>jeudi 5 mai (Ascension), vendredi 6 mai et samedi 7 mai de 10h30 \u00e0 17h30 \/ dimanche 8 mai de 10h30 \u00e0 17h<\/li>\n<\/ul>\n<hr \/>\n<p style=\"text-align: center;\">9. <span style=\"text-decoration: underline;\">Bal en costume<\/span> :<\/p>\n<p style=\"text-align: center;\">le dimanche 29 mai 2016<\/p>\n<p style=\"text-align: center;\">le vendredi 27 \u00a0entre 18h30 et 20h30 r\u00e9vision des longways<\/p>\n<p style=\"text-align: center;\">et r\u00e9vision g\u00e9n\u00e9rale le samedi 28 mai de 18h30 \u00e0 18h<\/p>\n<p style=\"text-align: center;\"><span style=\"color: #ff0000;\">Bal en costume 2017 :<\/span><\/p>\n<p style=\"text-align: center;\"><span style=\"color: #ff0000;\">le bal en costume en costume 2017 aura lieu \u00e0 Bath aux\u00a0Assembly Rooms (Ballroom) \u00e0 l&#8217;issue d&#8217;un voyage <\/span><span style=\"color: #ff0000;\">du jeudi 25 (Ascension)\u00a0au dimanche 28 mai\u00a02017<\/span><\/p>\n<p>&nbsp;<\/p>\n<p>&nbsp;<\/p>\n","protected":false},"excerpt":{"rendered":"<p>les cours\u00a0 Cours D\u00e9butants\u00a0: tous les jeudis soir de 18h30 \u00e0 20h (du 17 septembre au 16 juin\u00a0hors vacances scolaires) Cours Interm\u00e9diaires : un jeudi soir sur deux\u00a0de 20h \u00e0 21h30\u00a0en alternance avec les cours Avanc\u00e9s &#8211; 1er cours Interm\u00e9diaires : jeudi 17 septembre Cours Avanc\u00e9s\u00a0: un jeudi soir sur deux\u00a0de 20h \u00e0 21h30\u00a0en alternance [&hellip;]<\/p>\n","protected":false},"author":8,"featured_media":0,"parent":0,"menu_order":0,"comment_status":"closed","ping_status":"closed","template":"","meta":{"_monsterinsights_skip_tracking":false,"_monsterinsights_sitenote_active":false,"_monsterinsights_sitenote_note":"","_monsterinsights_sitenote_category":0,"footnotes":""},"class_list":["post-5219","page","type-page","status-publish","hentry"],"yoast_head":"<!-- This site is optimized with the Yoast SEO plugin v19.6.1 - https:\/\/yoast.com\/wordpress\/plugins\/seo\/ -->\n<title>Dates pr\u00e9visionnelles 2015-2016 - Chestnut<\/title>\n<meta name=\"robots\" content=\"index, follow, max-snippet:-1, max-image-preview:large, max-video-preview:-1\" \/>\n<link rel=\"canonical\" href=\"https:\/\/chestnut.ovh\/en\/dates-previsionnelles-2015-2016\/\" \/>\n<meta name=\"twitter:label1\" content=\"Estimated reading time\" \/>\n\t<meta name=\"twitter:data1\" content=\"2 minutes\" \/>\n<script type=\"application\/ld+json\" class=\"yoast-schema-graph\">{\"@context\":\"https:\/\/schema.org\",\"@graph\":[{\"@type\":\"WebPage\",\"@id\":\"https:\/\/chestnut.ovh\/en\/dates-previsionnelles-2015-2016\/\",\"url\":\"https:\/\/chestnut.ovh\/en\/dates-previsionnelles-2015-2016\/\",\"name\":\"[:fr]Dates pr\u00e9visionnelles 2015-2016[:] - Chestnut\",\"isPartOf\":{\"@id\":\"https:\/\/chestnut.ovh\/#website\"},\"datePublished\":\"2015-06-11T13:53:40+00:00\",\"dateModified\":\"2015-07-10T17:32:58+00:00\",\"breadcrumb\":{\"@id\":\"https:\/\/chestnut.ovh\/en\/dates-previsionnelles-2015-2016\/#breadcrumb\"},\"inLanguage\":\"en-GB\",\"potentialAction\":[{\"@type\":\"ReadAction\",\"target\":[\"https:\/\/chestnut.ovh\/en\/dates-previsionnelles-2015-2016\/\"]}]},{\"@type\":\"BreadcrumbList\",\"@id\":\"https:\/\/chestnut.ovh\/en\/dates-previsionnelles-2015-2016\/#breadcrumb\",\"itemListElement\":[{\"@type\":\"ListItem\",\"position\":1,\"name\":\"Accueil\",\"item\":\"https:\/\/chestnut.ovh\/\"},{\"@type\":\"ListItem\",\"position\":2,\"name\":\"Dates pr\u00e9visionnelles 2015-2016\"}]},{\"@type\":\"WebSite\",\"@id\":\"https:\/\/chestnut.ovh\/#website\",\"url\":\"https:\/\/chestnut.ovh\/\",\"name\":\"Chestnut\",\"description\":\"English Country Dancing & Danses anciennes de l&#039;\u00e9poque des Stuarts .... et des romans de Jane Austen !\",\"potentialAction\":[{\"@type\":\"SearchAction\",\"target\":{\"@type\":\"EntryPoint\",\"urlTemplate\":\"https:\/\/chestnut.ovh\/?s={search_term_string}\"},\"query-input\":\"required name=search_term_string\"}],\"inLanguage\":\"en-GB\"}]}<\/script>\n<!-- \/ Yoast SEO plugin. -->","yoast_head_json":{"title":"Dates pr\u00e9visionnelles 2015-2016 - Chestnut","robots":{"index":"index","follow":"follow","max-snippet":"max-snippet:-1","max-image-preview":"max-image-preview:large","max-video-preview":"max-video-preview:-1"},"canonical":"https:\/\/chestnut.ovh\/en\/dates-previsionnelles-2015-2016\/","twitter_misc":{"Estimated reading time":"2 minutes"},"schema":{"@context":"https:\/\/schema.org","@graph":[{"@type":"WebPage","@id":"https:\/\/chestnut.ovh\/en\/dates-previsionnelles-2015-2016\/","url":"https:\/\/chestnut.ovh\/en\/dates-previsionnelles-2015-2016\/","name":"[:fr]Dates pr\u00e9visionnelles 2015-2016[:] - Chestnut","isPartOf":{"@id":"https:\/\/chestnut.ovh\/#website"},"datePublished":"2015-06-11T13:53:40+00:00","dateModified":"2015-07-10T17:32:58+00:00","breadcrumb":{"@id":"https:\/\/chestnut.ovh\/en\/dates-previsionnelles-2015-2016\/#breadcrumb"},"inLanguage":"en-GB","potentialAction":[{"@type":"ReadAction","target":["https:\/\/chestnut.ovh\/en\/dates-previsionnelles-2015-2016\/"]}]},{"@type":"BreadcrumbList","@id":"https:\/\/chestnut.ovh\/en\/dates-previsionnelles-2015-2016\/#breadcrumb","itemListElement":[{"@type":"ListItem","position":1,"name":"Accueil","item":"https:\/\/chestnut.ovh\/"},{"@type":"ListItem","position":2,"name":"Dates pr\u00e9visionnelles 2015-2016"}]},{"@type":"WebSite","@id":"https:\/\/chestnut.ovh\/#website","url":"https:\/\/chestnut.ovh\/","name":"Chestnut","description":"English Country Dancing & Danses anciennes de l&#039;\u00e9poque des Stuarts .... et des romans de Jane Austen !","potentialAction":[{"@type":"SearchAction","target":{"@type":"EntryPoint","urlTemplate":"https:\/\/chestnut.ovh\/?s={search_term_string}"},"query-input":"required name=search_term_string"}],"inLanguage":"en-GB"}]}},"_links":{"self":[{"href":"https:\/\/chestnut.ovh\/en\/wp-json\/wp\/v2\/pages\/5219","targetHints":{"allow":["GET"]}}],"collection":[{"href":"https:\/\/chestnut.ovh\/en\/wp-json\/wp\/v2\/pages"}],"about":[{"href":"https:\/\/chestnut.ovh\/en\/wp-json\/wp\/v2\/types\/page"}],"author":[{"embeddable":true,"href":"https:\/\/chestnut.ovh\/en\/wp-json\/wp\/v2\/users\/8"}],"replies":[{"embeddable":true,"href":"https:\/\/chestnut.ovh\/en\/wp-json\/wp\/v2\/comments?post=5219"}],"version-history":[{"count":20,"href":"https:\/\/chestnut.ovh\/en\/wp-json\/wp\/v2\/pages\/5219\/revisions"}],"predecessor-version":[{"id":5316,"href":"https:\/\/chestnut.ovh\/en\/wp-json\/wp\/v2\/pages\/5219\/revisions\/5316"}],"wp:attachment":[{"href":"https:\/\/chestnut.ovh\/en\/wp-json\/wp\/v2\/media?parent=5219"}],"curies":[{"name":"wp","href":"https:\/\/api.w.org\/{rel}","templated":true}]}}