{"id":9478,"date":"2020-02-21T14:20:26","date_gmt":"2020-02-21T13:20:26","guid":{"rendered":"https:\/\/chestnut.fr\/?page_id=9478"},"modified":"2020-09-01T20:05:30","modified_gmt":"2020-09-01T19:05:30","slug":"stage-dete-de-danse-historique-2020","status":"publish","type":"page","link":"https:\/\/chestnut.ovh\/en\/stage-dete-de-danse-historique-2020\/","title":{"rendered":"Stage d\u2019\u00e9t\u00e9 de danse historique 2020"},"content":{"rendered":"<div><span style=\"font-family: arial, helvetica, sans-serif;\"><a href=\"https:\/\/chestnut.fr\/stage-dete-de-danse-historique-2020\/flyer-tapis-vert-2020-3-2\/\"><img loading=\"lazy\" decoding=\"async\" class=\"alignleft size-medium wp-image-9489\" src=\"https:\/\/chestnut.fr\/wp-content\/uploads\/2020\/02\/Flyer-Tapis-Vert-2020-3-212x300.jpg\" alt=\"Chestnut flyer Tapis Vert 2020\" width=\"212\" height=\"300\" srcset=\"https:\/\/chestnut.ovh\/wp-content\/uploads\/2020\/02\/Flyer-Tapis-Vert-2020-3-212x300.jpg 212w, https:\/\/chestnut.ovh\/wp-content\/uploads\/2020\/02\/Flyer-Tapis-Vert-2020-3-724x1024.jpg 724w, https:\/\/chestnut.ovh\/wp-content\/uploads\/2020\/02\/Flyer-Tapis-Vert-2020-3-768x1086.jpg 768w, https:\/\/chestnut.ovh\/wp-content\/uploads\/2020\/02\/Flyer-Tapis-Vert-2020-3-600x849.jpg 600w, https:\/\/chestnut.ovh\/wp-content\/uploads\/2020\/02\/Flyer-Tapis-Vert-2020-3-1086x1536.jpg 1086w, https:\/\/chestnut.ovh\/wp-content\/uploads\/2020\/02\/Flyer-Tapis-Vert-2020-3-100x141.jpg 100w, https:\/\/chestnut.ovh\/wp-content\/uploads\/2020\/02\/Flyer-Tapis-Vert-2020-3.jpg 1240w\" sizes=\"auto, (max-width: 212px) 100vw, 212px\" \/><\/a><\/span><\/div>\n<div><strong>POSTPONED: FROM AUGUST 2 TO 7, 2021<\/strong><\/div>\n<div><\/div>\n<p>&nbsp;<\/p>\n<p><span style=\"color: #008000; font-family: arial, helvetica, sans-serif;\"><strong>WITH REGRET, WE HAVE TO ANNOUNCE THE CANCELLATION OF OUR RESIDENTIAL SUMMER CLASSES DUE TO THE LACK OF VISIBILITY IN THE DEVELOPMENT OF THE CURRENT HEALTH CRISIS.<\/strong><\/span><\/p>\n<p><span style=\"color: #008000;\"><strong>ALL DEPOSIT WILL BE REFUNDED.<\/strong><\/span><\/p>\n<p><span style=\"color: #008000; font-family: arial, helvetica, sans-serif;\"><strong>SEE YOU NEXT YEAR FROM AUGUST 2 TO 7, \u00a02021 HOPING TO MEET MANY OF YOU FOR THIS 6th EDITION!<\/strong><\/span><\/p>\n<p>&nbsp;<\/p>\n<p>&nbsp;<\/p>\n<p><span style=\"font-family: arial, helvetica, sans-serif;\">Please find the flyer in English: <strong><a href=\"https:\/\/chestnut.fr\/en\/stage-dete-de-danse-historique-2020\/flyer-tapis-vert-2020_engl\/\">here<\/a><\/strong><\/span><\/p>\n<p>Translation in English being prepared :<\/p>\n<p><span style=\"font-size: 14pt;\"><em><span style=\"font-family: arial, helvetica, sans-serif;\">Les compagnies<b> Chestnut et Fantaisies Baroques<\/b> vous accueilleront <b>du lundi\u00a03 ao\u00fbt au samedi 8 ao\u00fbt 2020<\/b>\u00a0pour leur <strong>6\u00e8me<\/strong> <b>stage d&#8217;\u00e9t\u00e9 de danse historique<\/b>\u00a0en Normandie.<\/span><\/em><\/span><\/p>\n<div>\n<hr \/>\n<\/div>\n<blockquote><p><span style=\"font-size: 14pt;\"><strong><em><span style=\"font-family: arial, helvetica, sans-serif;\"><a href=\"http:\/\/chestnut.fr\/wp-content\/uploads\/2015\/03\/DSC_6188.png\"><img loading=\"lazy\" decoding=\"async\" class=\"size-medium wp-image-5000 alignright\" src=\"http:\/\/chestnut.fr\/wp-content\/uploads\/2015\/03\/DSC_6188-166x300.png\" alt=\"DSC_6188\" width=\"166\" height=\"300\" srcset=\"https:\/\/chestnut.ovh\/wp-content\/uploads\/2015\/03\/DSC_6188-166x300.png 166w, https:\/\/chestnut.ovh\/wp-content\/uploads\/2015\/03\/DSC_6188-100x181.png 100w, https:\/\/chestnut.ovh\/wp-content\/uploads\/2015\/03\/DSC_6188-566x1024.png 566w, https:\/\/chestnut.ovh\/wp-content\/uploads\/2015\/03\/DSC_6188-600x1085.png 600w, https:\/\/chestnut.ovh\/wp-content\/uploads\/2015\/03\/DSC_6188.png 1320w\" sizes=\"auto, (max-width: 166px) 100vw, 166px\" \/><\/a><\/span><span style=\"font-size: 12pt; font-family: arial, helvetica, sans-serif;\">Cette 6\u00e8me \u00e9dition conserve tous les avantages qui font le succ\u00e8s de ce stage ! :<\/span><\/em><\/strong><\/span><\/p>\n<p><span style=\"font-family: arial, helvetica, sans-serif; font-size: 12pt;\"><strong><em>&#8211; 4 ateliers, 4 r\u00e9pertoires couvrant 5 si\u00e8cles de danse<\/em><\/strong><\/span><\/p>\n<p><span style=\"font-family: arial, helvetica, sans-serif; font-size: 12pt;\"><strong><em>&#8211; la possibilit\u00e9 de constituer son programme avec 1, 2 ou 3 ateliers par jour<\/em><\/strong><\/span><\/p>\n<p><span style=\"font-family: arial, helvetica, sans-serif; font-size: 12pt;\"><strong><em>&#8211; une pr\u00e9paration corporelle d&#8217;une demi-heure tous les matins<\/em><\/strong><\/span><\/p>\n<p><span style=\"font-family: arial, helvetica, sans-serif; font-size: 12pt;\"><strong><em>&#8211; 2 belles salles parquet\u00e9es de 100 m2 chacune.<\/em><\/strong><\/span><\/p>\n<p><span style=\"font-family: arial, helvetica, sans-serif; font-size: 12pt;\"><strong><em>&#8211; un lieu de stage situ\u00e9 en pleine nature et \u00e0 proximit\u00e9 de nombreux sites culturels<\/em><\/strong><\/span><\/p>\n<p><span style=\"font-family: arial, helvetica, sans-serif; font-size: 12pt;\"><strong><em>&#8211; des propositions\u00a0vari\u00e9es d&#8217;h\u00e9bergement pour satisfaire toutes les bourses<\/em><\/strong><strong><em><a href=\"http:\/\/chestnut.fr\/wp-content\/uploads\/2015\/03\/DSC_6054alpha.png\"><img loading=\"lazy\" decoding=\"async\" class=\"size-medium wp-image-5016 alignleft\" src=\"http:\/\/chestnut.fr\/wp-content\/uploads\/2015\/03\/DSC_6054alpha-300x221.png\" alt=\"DSC_6054alpha\" width=\"300\" height=\"221\" srcset=\"https:\/\/chestnut.ovh\/wp-content\/uploads\/2015\/03\/DSC_6054alpha-300x221.png 300w, https:\/\/chestnut.ovh\/wp-content\/uploads\/2015\/03\/DSC_6054alpha-100x74.png 100w, https:\/\/chestnut.ovh\/wp-content\/uploads\/2015\/03\/DSC_6054alpha-1024x753.png 1024w, https:\/\/chestnut.ovh\/wp-content\/uploads\/2015\/03\/DSC_6054alpha-600x441.png 600w\" sizes=\"auto, (max-width: 300px) 100vw, 300px\" \/><\/a><\/em><\/strong><\/span><\/p>\n<p><span style=\"font-family: arial, helvetica, sans-serif; font-size: 12pt;\"><strong><em>&#8211; des soir\u00e9es conviviales<\/em><\/strong><\/span><\/p><\/blockquote>\n<p>&nbsp;<\/p>\n<p>&nbsp;<\/p>\n<p>&nbsp;<\/p>\n<p>&nbsp;<\/p>\n<hr \/>\n<blockquote>\n<div style=\"text-align: left;\"><span style=\"font-family: arial, helvetica, sans-serif;\"><strong>1. <\/strong><strong><a href=\"#vo\">Video<\/a><\/strong><\/span><\/div>\n<div style=\"text-align: left;\"><span style=\"font-family: arial, helvetica, sans-serif;\"><strong>2.\u00a0<\/strong><strong><a href=\"#cds\">Contenu du stage<\/a><\/strong><\/span><\/div>\n<div style=\"text-align: left;\"><span style=\"font-family: arial, helvetica, sans-serif;\"><strong>3. <\/strong><strong><a href=\"#plg\">Planning<\/a><\/strong><\/span><\/div>\n<div style=\"text-align: left;\">\n<div style=\"text-align: left;\"><span style=\"font-family: arial, helvetica, sans-serif;\"><strong>4. <\/strong><strong><a href=\"#dpf\">Descriptif des ateliers<\/a><\/strong><\/span><\/div>\n<div style=\"text-align: left;\"><span style=\"font-family: arial, helvetica, sans-serif;\"><strong>5. <\/strong><strong><a href=\"#ls\">Les soir\u00e9es<\/a><\/strong><\/span><\/div>\n<div style=\"text-align: left;\"><span style=\"font-family: arial, helvetica, sans-serif;\"><strong>6.\u00a0<\/strong><strong><a href=\"#li\">Les intervenants<\/a><\/strong><\/span><\/div>\n<div style=\"text-align: left;\"><span style=\"font-family: arial, helvetica, sans-serif;\"><strong>7. <\/strong><strong><a href=\"#lieu\">Lieu du stage<\/a><\/strong><\/span><\/div>\n<div style=\"text-align: left;\"><span style=\"font-family: arial, helvetica, sans-serif;\"><strong>8. <\/strong><strong><a href=\"#tf\">Tarifs<\/a><\/strong><\/span><\/div>\n<div style=\"text-align: left;\"><span style=\"font-family: arial, helvetica, sans-serif;\"><strong>9. <\/strong><strong><a href=\"#ac\">Acc\u00e8s<\/a><\/strong><\/span><\/div>\n<div style=\"text-align: left;\"><span style=\"font-family: arial, helvetica, sans-serif;\"><strong>10. <\/strong><strong><a href=\"#al\">Accueil<\/a><\/strong><\/span><\/div>\n<div style=\"text-align: left;\"><span style=\"font-family: arial, helvetica, sans-serif;\"><strong>11. <\/strong><strong><a href=\"#icp\">Fiche d&#8217;inscription<\/a><\/strong><\/span><\/div>\n<div style=\"text-align: left;\"><span style=\"font-family: arial, helvetica, sans-serif;\"><strong>12. <\/strong><strong><a href=\"#cr\">Contact et renseignements<\/a><\/strong><\/span><\/div>\n<div style=\"text-align: left;\"><span style=\"font-family: arial, helvetica, sans-serif;\"><strong>13. <\/strong><strong><a href=\"#tract\">Tract du stage<\/a><\/strong><\/span><\/div>\n<\/div>\n<\/blockquote>\n<div style=\"text-align: center;\"><\/div>\n<hr \/>\n<h3 id=\"vo\"><span style=\"font-family: arial, helvetica, sans-serif;\">VIDEO de pr\u00e9sentation du stage<\/span><\/h3>\n<hr \/>\n<div style=\"text-align: center;\"><iframe loading=\"lazy\" frameborder=\"0\" height=\"158\" src=\"https:\/\/www.youtube.com\/embed\/8-pszbjsC2Q\" width=\"280\" data-mce-fragment=\"1\"><\/iframe><\/div>\n<hr \/>\n<h3 id=\"cds\"><span style=\"font-family: arial, helvetica, sans-serif;\">CONTENU DU STAGE<\/span><\/h3>\n<hr \/>\n<ul>\n<li style=\"text-align: left;\"><span style=\"font-family: arial, helvetica, sans-serif;\"><a href=\"http:\/\/chestnut.fr\/wp-content\/uploads\/2015\/03\/logo_100_transparent_vertchestnut-e1427966206678.png\"><img loading=\"lazy\" decoding=\"async\" class=\" wp-image-5041 size-full alignleft\" src=\"http:\/\/chestnut.fr\/wp-content\/uploads\/2015\/03\/logo_100_transparent_vertchestnut-e1427966206678.png\" alt=\"logo_100_transparent_vertchestnut\" width=\"200\" height=\"120\" srcset=\"https:\/\/chestnut.ovh\/wp-content\/uploads\/2015\/03\/logo_100_transparent_vertchestnut-e1427966206678.png 200w, https:\/\/chestnut.ovh\/wp-content\/uploads\/2015\/03\/logo_100_transparent_vertchestnut-e1427966206678-100x60.png 100w\" sizes=\"auto, (max-width: 200px) 100vw, 200px\" \/><\/a><\/span>\n<ul>\n<li><span style=\"font-family: arial, helvetica, sans-serif;\">Danser en Europe par deux, par trois ou par six XVI\u00e8me-XVII\u00e8me si\u00e8cle<\/span><\/li>\n<li><span style=\"font-family: arial, helvetica, sans-serif;\">Danse baroque<strong><a href=\"http:\/\/www.fantaisiesbaroques.com\/Fantaisies_Baroques\/Accueil.html\"><img loading=\"lazy\" decoding=\"async\" class=\" wp-image-5045 size-full alignright\" src=\"http:\/\/chestnut.fr\/wp-content\/uploads\/2015\/03\/Logo-Fantaisies-Baroques-e1427966579391.png\" alt=\"Logo Fantaisies Baroques\" width=\"200\" height=\"137\" srcset=\"https:\/\/chestnut.ovh\/wp-content\/uploads\/2015\/03\/Logo-Fantaisies-Baroques-e1427966579391.png 200w, https:\/\/chestnut.ovh\/wp-content\/uploads\/2015\/03\/Logo-Fantaisies-Baroques-e1427966579391-100x69.png 100w\" sizes=\"auto, (max-width: 200px) 100vw, 200px\" \/><\/a><\/strong><\/span><\/li>\n<li><span style=\"font-family: arial, helvetica, sans-serif;\">Trois chor\u00e9graphies d&#8217;Ignatius Sancho &#8220;an African composer&#8221; (1729-1780)<\/span><\/li>\n<li><span style=\"font-family: arial, helvetica, sans-serif;\">Contredanses d&#8217;Andr\u00e9 Lorin<strong><a href=\"http:\/\/www.fantaisiesbaroques.com\/Fantaisies_Baroques\/Accueil.html\"><br \/>\n<\/a><\/strong><\/span><\/li>\n<\/ul>\n<hr \/>\n<p><span style=\"font-family: arial, helvetica, sans-serif;\">4 disciplines et 3 formateurs (C\u00e9cile Laye, Ir\u00e8ne Feste et Pierre-Fran\u00e7ois Doll\u00e9) pour\u00a0composer un stage\u00a0en fonction\u00a0de vos go\u00fbts et de votre \u00e9nergie. Selon vos envies, vous pourrez vous concocter un programme intensif (avec un maximum\u00a0de 6 heures de cours\/jour) ou alterner les moments d\u2019atelier avec des moments de d\u00e9tente ou de visite touristique dans les environs.<\/span><\/p>\n<pre><strong><span style=\"font-family: arial, helvetica, sans-serif;\">Le programme de chaque atelier est con\u00e7u de mani\u00e8re \u00e0 prendre en charge tous les niveaux dans des variations adapt\u00e9es \u00e0 chacun.<\/span><\/strong><\/pre>\n<p><span style=\"font-family: arial, helvetica, sans-serif;\">Chaque\u00a0journ\u00e9e commencera \u00e0 9h par un travail de pr\u00e9paration physique d&#8217;une demi-heure (\u00e9chauffement &#8211; travail au sol) assur\u00e9 en alternance par les formateurs.<\/span><\/li>\n<\/ul>\n<hr \/>\n<h3 id=\"plg\"><span style=\"font-family: arial, helvetica, sans-serif;\"><strong>PLANNING<\/strong><\/span><\/h3>\n<hr \/>\n<p><span style=\"font-family: arial, helvetica, sans-serif;\">Tableau du planning tr\u00e8s prochainement communiqu\u00e9 ici.\u00a0<\/span><\/p>\n<hr \/>\n<h3 id=\"dpf\"><span style=\"font-family: arial, helvetica, sans-serif;\"><strong>DESCRIPTIF DES ATELIERS<\/strong><\/span><\/h3>\n<hr \/>\n<p><span style=\"font-family: arial, helvetica, sans-serif;\"><strong>LE MATIN : <\/strong>danses de France, d&#8217;Angleterre et d&#8217;Italie de la fin du XVI\u00e8me si\u00e8cle au XVII\u00e8me si\u00e8cle.<\/span><\/p>\n<hr \/>\n<ul>\n<li><span style=\"font-family: arial, helvetica, sans-serif;\"><span style=\"text-decoration: underline;\"><strong>D&#8217;Arbeau \u00e0 Playford : danser en Europe de la fin du XVI\u00e8me si\u00e8cle au XVII\u00e8me si\u00e8cle par deux, par trois et par six (3h :\u00a09h45-12h45)<\/strong><\/span><strong>\u00a0<\/strong>: <strong>C\u00e9cile Laye\u00a0\u00a0<\/strong><\/span><\/li>\n<\/ul>\n<div>\n<ol>\n<li style=\"text-align: justify;\"><span style=\"font-family: arial, helvetica, sans-serif;\">Variations sur la pavane d\u2019 Espagne et\u00a0Pavaniglia (Arbeau &#8211; Santucci)<\/span><\/li>\n<li style=\"text-align: justify;\"><span style=\"font-family: arial, helvetica, sans-serif;\">Spagnoletta Nueva (Caruso)<\/span><\/li>\n<li style=\"text-align: justify;\"><span style=\"font-family: arial, helvetica, sans-serif;\">Shepherd\u2019s Holydays (Playford)<\/span><\/li>\n<\/ol>\n<\/div>\n<p><span style=\"font-family: arial, helvetica, sans-serif;\"><strong>ou<\/strong><\/span><\/p>\n<ul>\n<li><span style=\"font-family: arial, helvetica, sans-serif;\"><strong><span style=\"text-decoration: underline;\">Danse baroque (3h : 9h45-12h45)<\/span>\u00a0: Ir\u00e8ne Feste et Pierre-Fran\u00e7ois Doll\u00e9<\/strong><\/span><\/li>\n<\/ul>\n<div class=\"\"><span style=\"font-family: arial, helvetica, sans-serif;\">Ir\u00e8ne Feste et Pierre-Fran\u00e7ois Doll\u00e9 transmettront cette ann\u00e9e le r\u00e9pertoire le plus ancien connu en notation Beauchamp-Feuillet, appel\u00e9 aussi \u00ab\u00a0danses archa\u00efques\u00a0\u00bb.<\/span><\/div>\n<div class=\"\"><span style=\"font-family: arial, helvetica, sans-serif;\">Il s\u2019agit d\u2019un r\u00e9pertoire de danses de bal, dans lequel on retrouve des syst\u00e8mes de bransles orn\u00e9s avec des pas de Belle-Dance, des courantes, des bourr\u00e9es, des sarabandes et bien souvent des danses composites. Nous \u00e9tudierons particuli\u00e8rement le Traquenard de Mr de Beaufort, chor\u00e9graphie manuscrite tr\u00e8s originale et pleine de surprise, ainsi que les Petites Danses ou Les Tricotets, suite de 4 bransles au rythme soutenu, compos\u00e9s de pas de Belle-Dance dans une formation en cha\u00eene ouverte.<\/span><span style=\"font-family: arial, helvetica, sans-serif;\"><a href=\"https:\/\/gallica.bnf.fr\/ark:\/12148\/bpt6k858707v\/f9.image.r=res%20841%20XVI%20recueil%20de%20danses\"><\/a><\/span><\/div>\n<hr \/>\n<p><span style=\"font-family: arial, helvetica, sans-serif;\"><strong>L&#8217;APRES-MIDI :<\/strong>\u00a0danses des XVII\u00e8me et XVIII\u00e8me si\u00e8cles en Angleterre et en France.<\/span><\/p>\n<hr \/>\n<ul>\n<li><span style=\"font-family: arial, helvetica, sans-serif;\"><span style=\"text-decoration: underline;\"><strong>Trois chor\u00e9graphies d&#8217;Ignatius Sancho, &#8220;an<em>\u00a0African composer&#8221;<\/em>\u00a0(1729-1780) (1h30 :\u00a015h-16h30 ou 17h-18h30 en alternance<\/strong><\/span><strong>)<\/strong>\u00a0:\u00a0<strong>C\u00e9cile Laye\u00a0<\/strong><\/span><\/li>\n<\/ul>\n<p><span style=\"font-family: arial, helvetica, sans-serif;\">N\u00e9 esclave peu apr\u00e8s l\u2019accession au tr\u00f4ne de Georges II, Ignatius Sancho (1729-1780) aurait pu figurer dans l\u2019un des romans de son ami Laurence Sterne, l\u2019auteur de Tristam Shandy. Nous danserons plusieurs compositions de celui qui se nommait lui-m\u00eame \u00ab\u00a0an African Composer\u00a0\u00bb\u00a0: 2 longways duple et triple minor set (The Sampler et Sultana) et un Cotillon (l\u2019Bon Ton)<\/span><\/p>\n<p><span style=\"font-family: arial, helvetica, sans-serif;\"><em>Born a slave soon after the second Hanovrian monarch becomes king, Ignatius Sancho could well have been a character in one of his friend\u2019s novels, meaning Laurence Sterne.<\/em><\/span><\/p>\n<p><span style=\"font-family: arial, helvetica, sans-serif;\"><strong>et\/ou<\/strong><\/span><\/p>\n<ul>\n<li><span style=\"font-family: arial, helvetica, sans-serif;\"><strong><span style=\"text-decoration: underline;\">Contredanses d&#8217;Andr\u00e9 Lorin (1h30 :\u00a015h-16h30 ou 17h-18h30 en alternance<\/span>)\u00a0:\u00a0Ir\u00e8ne Feste et Pierre-Fran\u00e7ois Doll\u00e9<\/strong><\/span><\/li>\n<\/ul>\n<p><span style=\"font-family: arial, helvetica, sans-serif;\">Ce r\u00e9pertoire de contredanses, m\u00e9connu, m\u00e9rite d\u2019\u00eatre red\u00e9couvert et mis \u00e0 jour par les passionn\u00e9s de danses historiques. Ce premier recueil fran\u00e7ais de contredanses reprend les grands succ\u00e8s du trait\u00e9 The English Dancing Master, admir\u00e9 par le Ma\u00eetre \u00e0 danser Andr\u00e9 Lorin alors en voyage en Angleterre, mais accommod\u00e9 \u00e0 la \u00ab\u00a0mode fran\u00e7oise\u00a0\u00bb avec un vocabulaire de pas plus d\u00e9velopp\u00e9 et une utilisation de l\u2019espace originale. Offert au Roi Soleil en 1686, avec moults d\u00e9dicaces \u00e0 la gloire du Prince et de sa famille, celui-ci n\u2019accorda que peu d\u2019int\u00e9r\u00eats \u00e0 ces danses de groupes, pr\u00e9f\u00e9rant les duos frontaux et les solos brillants, et il faudra attendre la R\u00e9gence et le r\u00e8gne de Louis XV pour que la convivialit\u00e9 de ce r\u00e9pertoire fasse flor\u00e8s \u00e0 la cour de France.<\/span><\/p>\n<hr \/>\n<h3 id=\"ls\"><span style=\"font-family: arial, helvetica, sans-serif;\"><strong>LES SOIR\u00c9ES<\/strong><\/span><\/h3>\n<hr \/>\n<p><span style=\"font-family: arial, helvetica, sans-serif;\">Elles s\u2019organiseront autour de diff\u00e9rents th\u00e8mes avant de permettre aux stagiaires et aux formateurs de partager des moments de convivialit\u00e9 :<\/span><\/p>\n<ul>\n<li style=\"text-align: left;\"><span style=\"font-family: arial, helvetica, sans-serif;\">mardi : quizz &#8220;danse historique&#8221; par\u00a0\u00e9quipes<\/span><\/li>\n<li style=\"text-align: left;\"><span style=\"font-family: arial, helvetica, sans-serif;\">mercredi : projection de films<\/span><\/li>\n<li style=\"text-align: left;\"><span style=\"font-family: arial, helvetica, sans-serif;\">jeudi :\u00a0soir\u00e9e libre<\/span><\/li>\n<li style=\"text-align: left;\"><span style=\"font-family: arial, helvetica, sans-serif;\">vendredi : pr\u00e9sentation des danses travaill\u00e9es en atelier suivie d&#8217;une\u00a0animation-bal en costume (N.B.\u00a0: le costume n&#8217;est pas une obligation.)<\/span><\/li>\n<\/ul>\n<hr \/>\n<h3 id=\"li\"><span style=\"font-family: arial, helvetica, sans-serif;\">LES INTERVENANTS<\/span><\/h3>\n<hr \/>\n<div id=\"attachment_4963\" style=\"width: 110px\"  class=\"wp-caption alignleft\"><a href=\"http:\/\/chestnut.fr\/wp-content\/uploads\/2015\/03\/IMG_0546-e1427968150597.jpg\"><img loading=\"lazy\" decoding=\"async\" class=\"wp-image-4963 size-full\" src=\"http:\/\/chestnut.fr\/wp-content\/uploads\/2015\/03\/IMG_0546-e1427968150597.jpg\" alt=\"IMG_0546\" width=\"100\" height=\"191\" \/><\/a><p class=\"wp-caption-text\"><span style=\"font-family: arial, helvetica, sans-serif;\">C\u00e9cile LAYE<\/span><\/p><\/div>\n<p><span style=\"font-family: arial, helvetica, sans-serif;\"><span style=\"font-size: 12pt;\"><strong><a href=\"http:\/\/chestnut.fr\/cecile-laye\/\">C\u00e9cile Laye<\/a><\/strong> \u00e9tudie les danses historiques en Angleterre avec la Dolmetsch Historical Danse Society, Nonsuch History and Dance et la EFDSS (English folk Dance and Song Society). Elle a en particulier l\u2019occasion de travailler sous la direction de p\u00e9dagogues ou de chercheurs \u00e9minents tels que Anne Daye, Anne Cottis, Peggy Dixon, Ethyl Anderson, Marjorie Fennessy, Tom Cook et Alan Davies. En France, elle \u00e9tudie avec Francine Lancelot, Andr\u00e9a Francalancci et Barbara Sparti. En 1998, elle fonde la compagnie CHESTNUT pour faire d\u00e9couvrir et aimer au public fran\u00e7ais le r\u00e9pertoire des danses \u00e0 figures anglaises qu&#8217;elle\u00a0s&#8217;applique \u00e0 replacer dans le continuum historique chor\u00e9graphique europ\u00e9en. \u00a0Form\u00e9e \u00e0 la com\u00e9die et \u00e0 la mise en sc\u00e8ne au Cours Florent dont elle est dipl\u00f4m\u00e9e, e<\/span><span style=\"font-size: 12pt;\">lle s&#8217;attache aussi \u00e0 mettre\u00a0en rapport le r\u00e9pertoire anglais avec certains aspects de l\u2019histoire et de la litt\u00e9rature britannique. Elle\u00a0enseigne en France, en Belgique, en Angleterre et au Amherst Early Music Festival aux Etats-Unis. Elle obtient en 2016, l&#8217;Aide \u00e0 la Recherche et au Patrimoine en Danse du Centre National\u00a0de la danse pour constituer une typologie des danses de la 1\u00e8re \u00e9dition de l\u2019English Dancing Master.<\/span><\/span><\/p>\n<div id=\"attachment_4964\" style=\"width: 110px\"  class=\"wp-caption alignright\"><a href=\"http:\/\/chestnut.fr\/wp-content\/uploads\/2015\/03\/portrait-Ir\u00e8ne-redim-e1427968281255.jpg\"><img loading=\"lazy\" decoding=\"async\" class=\"wp-image-4964 size-full\" src=\"https:\/\/chestnut.fr\/wp-content\/uploads\/2015\/03\/portrait-Ir\u00e8ne-redim-e1427968281255.jpg\" alt=\"Ir\u00e8ne Feste\" width=\"100\" height=\"157\" \/><\/a><p class=\"wp-caption-text\"><span style=\"font-family: arial, helvetica, sans-serif; font-size: 12pt;\">Ir\u00e8ne FESTE<\/span><\/p><\/div>\n<p><span style=\"font-family: arial, helvetica, sans-serif; font-size: 12pt;\"><a href=\"http:\/\/www.fantaisiesbaroques.com\/la-compagnie\/\"><strong>Ir\u00e8ne\u00a0Feste<\/strong><\/a> se\u00a0forme d\u00e8s son plus jeune \u00e2ge \u00e0 la danse classique. Elle est\u00a0laur\u00e9ate de concours r\u00e9gionaux et nationaux. Parall\u00e8lement \u00e0 ses\u00a0\u00e9tudes sup\u00e9rieures en 2002, elle devient\u00a0Ing\u00e9nieur &#8211; Ma\u00eetre de G\u00e9nie Electrique Informatique Industrielle. Elle poursuit la pratique de la danse et obtient en 2003 le Dipl\u00f4me\u00a0d\u2019Etat de professeur de\u00a0danse classique. Elle d\u00e9couvre la \u00ab\u00a0Belle Dance \u00bb, en 2006, en int\u00e9grant la Cie L&#8217;Eclat des Muses de\u00a0C. Bayle, participe aux travaux de recherche sur les trait\u00e9s de\u00a0danse de\u00a0l\u2019\u00e9poque Louis XIII. En 2007, avec P.-F. Doll\u00e9, elle\u00a0fonde la Compagnie Fantaisies Baroques\u00a0pour\u00a0laquelle elle chor\u00e9graphie, danse\u00a0et propose des actions p\u00e9dagogiques en milieu scolaire et\u00a0conservatoires.\u00a0Elle danse pour de nombreuses\u00a0compagnies en France et \u00e0 l&#8217;international : Les Corps Eloquents (H.\u00a0Hazebroucq), Divertimenty (G. Jablonka), Le Baroque\u00a0Nomade (J.-C.\u00a0Frisch), La Tempesta (P. Bismuth), Doulce M\u00e9moire (D. Raisin\u00a0Dadre)&#8230; En 2014 et 2016, elle obtient l&#8217;Aide \u00e0 la Recherche et au\u00a0Patrimoine en Danse du Centre\u00a0National de la danse sur l\u2019\u00e9volution\u00a0de la danse au XIX\u00e8me si\u00e8cle.<\/span><\/p>\n<div id=\"attachment_9481\" style=\"width: 160px\"  class=\"wp-caption alignleft\"><a href=\"https:\/\/chestnut.fr\/?attachment_id=9481\"><img loading=\"lazy\" decoding=\"async\" class=\"wp-image-9481 size-thumbnail\" src=\"https:\/\/chestnut.fr\/wp-content\/uploads\/2020\/02\/DSC_3532-150x150.jpeg\" alt=\"Chestnut Fantaisies Baroques Pierre-Fran\u00e7ois Doll\u00e9\" width=\"150\" height=\"150\" srcset=\"https:\/\/chestnut.ovh\/wp-content\/uploads\/2020\/02\/DSC_3532-150x150.jpeg 150w, https:\/\/chestnut.ovh\/wp-content\/uploads\/2020\/02\/DSC_3532-100x100.jpeg 100w\" sizes=\"auto, (max-width: 150px) 100vw, 150px\" \/><\/a><p class=\"wp-caption-text\"><span style=\"font-size: 12pt;\">Pierre-Fran\u00e7ois DOLL\u00c9<\/span><\/p><\/div>\n<p><span style=\"font-size: 12pt;\"><a href=\"http:\/\/www.fantaisiesbaroques.com\"><span class=\"\"><\/span><\/a><span style=\"font-family: arial, helvetica, sans-serif;\"><a href=\"http:\/\/www.fantaisiesbaroques.com\/la-compagnie\/\"><strong>Pierre-Fran\u00e7ois Doll\u00e9<\/strong><\/a><span class=\"\">, apr\u00e8s une formation pluridisciplinaire au Balettakademie \u00e0 Cologne, danse des r\u00e9pertoires tr\u00e8s contrast\u00e9s au sein de diff\u00e9rentes compagnies qui l\u2019am\u00e8nent \u00e0 travailler, entre autre, en Allemagne et en Angleterre. De retour en France, il obtient son DE de professeur de danse et croise le chemin de Christine Bayle avec laquelle il va cr\u00e9er de nombreux ballets. Il danse \u00e9galement pour la compagnie l\u2019Eventail, et travaille avec de nombreux chor\u00e9graphes, metteurs en sc\u00e8ne et chefs d<span class=\"\">\u2019<\/span>orchestre de la sc\u00e8ne baroque. Dans des styles divers, il a d\u00e9sormais une activit\u00e9 soutenue de chor\u00e9graphe, notamment en collaboration avec la compagnie Cracovia Danza, les Arts Florissants ou\u00a0encore pour des productions au Japon, Etats-Unis et Allemagne. Il fonde la Cie Fantaisies Baroques, avec Ir\u00e8ne Feste, en 2007, au sein de laquelle le duo produit des\u00a0spectacles, des stages r\u00e9guliers, et continue, par le biais de la recherche d\u2019apr\u00e8s les trait\u00e9s historiques, \u00e0 nourrir leur cr\u00e9ativit\u00e9 artistique.<\/span><\/span><\/span><\/p>\n<hr \/>\n<h3 id=\"lieu\"><span style=\"font-family: arial, helvetica, sans-serif;\">LIEU DU STAGE<\/span><\/h3>\n<hr \/>\n<p><span style=\"font-family: arial, helvetica, sans-serif;\">Centre de r\u00e9sidence artistique,\u00a0<strong><a href=\"http:\/\/tapis.vert.pagesperso-orange.fr\/tapis.vert\/index.html\">Le Tapis Vert<\/a><\/strong>, blotti dans un vaste domaine situ\u00e9 dans le\u00a0parc<span class=\"Apple-converted-space\">\u00a0 <\/span>Normandie-Maine, propose dans un seul lieu plusieurs possibilit\u00e9s d\u2019h\u00e9bergement, de la pension de famille au camping en passant par le g\u00eete rural. Sur place \u00e9galement, deux superbes salles d\u2019activit\u00e9 parquet\u00e9es et un chapiteau contribuent \u00e0 offrir un environnement adapt\u00e9 aux activit\u00e9s propos\u00e9es.<\/span><\/p>\n<p><span style=\"font-family: arial, helvetica, sans-serif;\"><span style=\"text-decoration: underline;\"><span style=\"color: #ff0000; text-decoration: underline;\"><strong>N.B.<\/strong><\/span><\/span><span style=\"color: #ff0000;\"><strong> :<\/strong><\/span> les conditions tarifaires pratiqu\u00e9es par le Tapis Vert, qui n&#8217;est pas un h\u00f4tel mais un lieu d&#8217;h\u00e9bergement, ne sont envisageables qu&#8217;avec la <span style=\"text-decoration: underline; color: #ff0000;\"><strong>participation de chacun dans les menues t\u00e2ches que requiert la vie en collectivit\u00e9<\/strong><\/span> : installation de la table pour le petit d\u00e9jeuner, pr\u00e9paration de la cafeti\u00e8re, ramassage de la vaisselle et des couverts, nettoyage-essuyage de la table, lancement de la machine \u00e0 laver la vaisselle &#8230;. \u00a0\u00a0<\/span><\/p>\n<p><span style=\"font-family: arial, helvetica, sans-serif;\"><a href=\"http:\/\/chestnut.fr\/wp-content\/uploads\/2015\/03\/TheatreTapis-vert-04.jpg\"><img loading=\"lazy\" decoding=\"async\" class=\"wp-image-4959 alignleft\" src=\"http:\/\/chestnut.fr\/wp-content\/uploads\/2015\/03\/TheatreTapis-vert-04-e1427916852130.jpg\" alt=\"TheatreTapis vert 04\" width=\"190\" height=\"133\" srcset=\"https:\/\/chestnut.ovh\/wp-content\/uploads\/2015\/03\/TheatreTapis-vert-04-e1427916852130.jpg 150w, https:\/\/chestnut.ovh\/wp-content\/uploads\/2015\/03\/TheatreTapis-vert-04-e1427916852130-100x70.jpg 100w\" sizes=\"auto, (max-width: 190px) 100vw, 190px\" \/><\/a><img loading=\"lazy\" decoding=\"async\" class=\"wp-image-4960 alignleft\" src=\"http:\/\/chestnut.fr\/wp-content\/uploads\/2015\/03\/image003-e1427916751549.jpg\" alt=\"image003\" width=\"190\" height=\"143\" srcset=\"https:\/\/chestnut.ovh\/wp-content\/uploads\/2015\/03\/image003-e1427916751549.jpg 150w, https:\/\/chestnut.ovh\/wp-content\/uploads\/2015\/03\/image003-e1427916751549-100x75.jpg 100w\" sizes=\"auto, (max-width: 190px) 100vw, 190px\" \/><a href=\"http:\/\/chestnut.fr\/wp-content\/uploads\/2015\/03\/Chap-int.jpg\"><img loading=\"lazy\" decoding=\"async\" class=\"wp-image-4961 alignleft\" src=\"http:\/\/chestnut.fr\/wp-content\/uploads\/2015\/03\/Chap-int-e1427916872892.jpg\" alt=\"Chap-int\" width=\"157\" height=\"118\" srcset=\"https:\/\/chestnut.ovh\/wp-content\/uploads\/2015\/03\/Chap-int-e1427916872892.jpg 150w, https:\/\/chestnut.ovh\/wp-content\/uploads\/2015\/03\/Chap-int-e1427916872892-100x75.jpg 100w\" sizes=\"auto, (max-width: 157px) 100vw, 157px\" \/><\/a>\u00a0<\/span><\/p>\n<div><\/div>\n<div><\/div>\n<div><\/div>\n<div><\/div>\n<p>&nbsp;<\/p>\n<p>&nbsp;<\/p>\n<p>&nbsp;<\/p>\n<hr \/>\n<h3 id=\"tf\"><span style=\"font-family: arial, helvetica, sans-serif;\">TARIFS<\/span><\/h3>\n<hr \/>\n<p><span style=\"font-family: arial, helvetica, sans-serif;\"><strong><span style=\"text-decoration: underline;\">Frais p\u00e9dagogiques<\/span>\u00a0(\u20ac\/pers.) :\u00a0<\/strong><\/span><\/p>\n<p><span style=\"font-family: arial, helvetica, sans-serif;\"><span style=\"text-decoration: underline;\">Module 1h30<\/span> : \u00a0<strong>130 \u20ac<\/strong><\/span><\/p>\n<ul>\n<li>\n<div><span style=\"font-family: arial, helvetica, sans-serif;\">Contredanses d&#8217;Andr\u00e9 Lorin (1h30 l&#8217;apr\u00e8s-midi)<\/span><\/div>\n<\/li>\n<\/ul>\n<div><strong><span style=\"font-family: arial, helvetica, sans-serif;\">ou<\/span><\/strong><\/div>\n<ul>\n<li>\n<div><span style=\"font-family: arial, helvetica, sans-serif;\">Trois chor\u00e9graphies d&#8217;Ignatius Sancho (1h30 l&#8217;apr\u00e8s-midi)<\/span><\/div>\n<\/li>\n<\/ul>\n<p><span style=\"font-family: arial, helvetica, sans-serif;\"><span style=\"text-decoration: underline;\">Module 3h<\/span> : <strong>225 \u20ac<\/strong><\/span><\/p>\n<ul>\n<li>\n<div><span style=\"font-family: arial, helvetica, sans-serif;\">Danse Baroque (3h le matin)<\/span><\/div>\n<\/li>\n<\/ul>\n<div><span style=\"font-family: arial, helvetica, sans-serif;\">ou<\/span><\/div>\n<ul>\n<li>\n<div><span style=\"font-family: arial, helvetica, sans-serif;\">Danser en Europe 16e &#8211; 17e si\u00e8cles (3h le matin)\u00a0<\/span><\/div>\n<\/li>\n<\/ul>\n<p>ou<\/p>\n<ul>\n<li><span style=\"font-family: arial, helvetica, sans-serif;\">Contredanses d&#8217;Andr\u00e9 Lorin +\u00a0Trois chor\u00e9graphies d&#8217;Ignatius Sancho (2 x 1h30 l&#8217;apr\u00e8s-midi)\u00a0<\/span><\/li>\n<\/ul>\n<p><span style=\"font-family: arial, helvetica, sans-serif;\"><span style=\"text-decoration: underline;\">Module 4h30<\/span> : <strong>300 \u20ac<\/strong><\/span><\/p>\n<ul>\n<li>\n<div><span style=\"font-family: arial, helvetica, sans-serif;\">Danse Baroque (3h le matin) + Contredanses d&#8217;Andr\u00e9 Lorin <span style=\"text-decoration: underline;\">ou<\/span> Trois chor\u00e9graphies d&#8217;Ignatius Sancho (1h30 l&#8217;apr\u00e8s-midi)\u00a0<\/span><\/div>\n<\/li>\n<\/ul>\n<div><span style=\"font-family: arial, helvetica, sans-serif;\">ou<\/span><\/div>\n<div>\n<ul>\n<li><span style=\"font-family: arial, helvetica, sans-serif;\">Danser en Europe 16e &#8211; 17e si\u00e8cles (3h le matin) + Contredanses d&#8217;Andr\u00e9 Lorin <span style=\"text-decoration: underline;\">ou<\/span> Trois chor\u00e9graphies d&#8217;Ignatius Sancho (1h30 l&#8217;apr\u00e8s-midi)\u00a0<\/span><\/li>\n<\/ul>\n<\/div>\n<p><span style=\"font-family: arial, helvetica, sans-serif;\"><span style=\"text-decoration: underline;\">Module 6h<\/span> : <strong>350 \u20ac<\/strong><\/span><\/p>\n<ul>\n<li>\n<div><span style=\"font-family: arial, helvetica, sans-serif;\">Danse Baroque (3h le matin) + Contredanses d&#8217;Andr\u00e9 Lorin (1h30 l&#8217;apr\u00e8s-midi)\u00a0 + Trois chor\u00e9graphies d&#8217;Ignatius Sancho (1h30 l&#8217;apr\u00e8s-midi)\u00a0<\/span><\/div>\n<\/li>\n<\/ul>\n<div><span style=\"font-family: arial, helvetica, sans-serif;\">ou<\/span><\/div>\n<ul>\n<li>\n<div><span style=\"font-family: arial, helvetica, sans-serif;\">Danser en Europe 16e &#8211; 17e si\u00e8cles (3h le matin) + Contredanses d&#8217;Andr\u00e9 Lorin (1h30 l&#8217;apr\u00e8s-midi)\u00a0 + Trois chor\u00e9graphies d&#8217;Ignatius Sancho (1h30 l&#8217;apr\u00e8s-midi)\u00a0<\/span><\/div>\n<\/li>\n<\/ul>\n<p>Tableau des frais p\u00e9dagogiques tr\u00e8s prochainement communiqu\u00e9s ici.<\/p>\n<h3><span style=\"font-family: arial, helvetica, sans-serif;\"><strong><span style=\"text-decoration: underline;\">Frais d&#8217;h\u00e9bergement et repas<\/span> : \u00a0<\/strong><\/span><\/h3>\n<pre><span style=\"font-family: arial, helvetica, sans-serif;\"><em><strong><span style=\"color: #ff0000;\">N.B. : avant de compl\u00e9ter votre fiche d'inscription ci-dessous, veuillez vous renseigner pr\u00e9alablement au 01 45 70 83 94 ou \u00e0 contact@chestnut.fr sur les disponibilit\u00e9s restantes pour les diff\u00e9rents types d\u2019h\u00e9bergement.<\/span><\/strong><\/em><\/span><\/pre>\n<p><span><strong><span style=\"font-family: arial, helvetica, sans-serif;\">COMMERCES : il n&#8217;y a pas de commerces \u00e0 proximit\u00e9 du Tapis Vert qui est situ\u00e9 en pleine campagne. Les organisateurs n&#8217;assurent pas de transport vers les villages o\u00f9 se situent\u00a0ces commerces.\u00a0<\/span><\/strong><\/span><\/p>\n<p><span style=\"font-family: arial, helvetica, sans-serif;\"><strong>DRAPS :<\/strong> Les draps sont compris dans les frais d&#8217;h\u00e9bergement<\/span><\/p>\n<p><span style=\"font-family: arial, helvetica, sans-serif;\"><strong>LINGES DE TOILETTE :<\/strong> Vous devez amener vos linges de toilette. Ils <strong><u>ne sont pas compris<\/u>\u00a0<\/strong>dans les frais d&#8217;h\u00e9bergement.\u00a0<\/span><\/p>\n<p><span style=\"font-family: arial, helvetica, sans-serif;\"><strong>T\u00c2CHES COLLECTIVES<\/strong>\u00a0: les conditions tarifaires pratiqu\u00e9es par le Tapis Vert, qui n&#8217;est pas un h\u00f4tel mais un lieu d&#8217;h\u00e9bergement, ne sont envisageables qu&#8217;avec la <span style=\"text-decoration: underline; color: #ff0000;\"><strong>participation de chacun dans les menues t\u00e2ches que requiert la vie en collectivit\u00e9<\/strong><\/span> : installation de la table pour le petit d\u00e9jeuner, pr\u00e9paration de la cafeti\u00e8re, ramassage de la vaisselle et des couverts, nettoyage-essuyage de la table, lancement de la machine \u00e0 laver la vaisselle &#8230;. \u00a0\u00a0<\/span><\/p>\n\n<table id=\"wp-table-reloaded-id-34-no-1\" class=\"wp-table-reloaded wp-table-reloaded-id-34\">\n<thead>\n\t<tr class=\"row-1 odd\">\n\t\t<th class=\"column-1\">H\u00e9bergement + repas : <br \/>\r\nprix par personne <br \/>\r\npour la dur\u00e9e du s\u00e9jour <\/th><th class=\"column-2\">Chambre individuelle (nombre limit\u00e9)<br \/>\r\n5 nuit\u00e9es<\/th><th class=\"column-3\">Chambre \u00e0 2 lits simples pour 2 personnes <br \/>\r\n(prix par personne)<br \/>\r\n5 nuit\u00e9es<\/th><th class=\"column-4\">Chambre \u00e0 1 lit double<br \/>\r\npour un couple <br \/>\r\n(prix par personne)<br \/>\r\n5 nuit\u00e9es<\/th><th class=\"column-5\">Chambre collective <br \/>\r\n(prix par personne)<br \/>\r\n5 nuit\u00e9es<\/th><th class=\"column-6\">Camping <br \/>\r\n(prix par personne)<br \/>\r\n5 nuit\u00e9es<\/th>\n\t<\/tr>\n<\/thead>\n<tbody>\n\t<tr class=\"row-2 even\">\n\t\t<td class=\"column-1\">Pension compl\u00e8te : <br \/>\r\n5 petits d\u00e9jeuners + 8 repas <\/td><td class=\"column-2\"> 273 \u20ac<\/td><td class=\"column-3\">228 \u20ac<\/td><td class=\"column-4\">214 \u20ac<\/td><td class=\"column-5\">208 \u20ac<\/td><td class=\"column-6\">180 \u20ac<\/td>\n\t<\/tr>\n\t<tr class=\"row-3 odd\">\n\t\t<td class=\"column-1\">Demi- pension :<br \/>\r\n5 petits d\u00e9jeuners + 4 repas <\/td><td class=\"column-2\">213 \u20ac<\/td><td class=\"column-3\">168 \u20ac<\/td><td class=\"column-4\">154 \u20ac<\/td><td class=\"column-5\">148 \u20ac<\/td><td class=\"column-6\">120 \u20ac<\/td>\n\t<\/tr>\n\t<tr class=\"row-4 even\">\n\t\t<td class=\"column-1\">Nuit\u00e9es seules avec petits d\u00e9jeuners <br \/>\r\n5 petits d\u00e9jeuners <\/td><td class=\"column-2\">153 \u20ac<\/td><td class=\"column-3\">108 \u20ac<\/td><td class=\"column-4\">94 \u20ac<\/td><td class=\"column-5\">88 \u20ac<\/td><td class=\"column-6\">60 \u20ac<\/td>\n\t<\/tr>\n\t<tr class=\"row-5 odd\">\n\t\t<td class=\"column-1\">Nuit\u00e9es seules sans petits d\u00e9jeuners<br \/>\r\n<\/td><td class=\"column-2\">133 \u20ac<\/td><td class=\"column-3\">88 \u20ac<\/td><td class=\"column-4\">74 \u20ac<\/td><td class=\"column-5\">68 \u20ac<\/td><td class=\"column-6\">40 \u20ac<\/td>\n\t<\/tr>\n\t<tr class=\"row-6 even\">\n\t\t<td colspan=\"6\" class=\"column-1 colspan-6\">* possibilit\u00e9 de cuisiner pour un nombre tr\u00e8s limit\u00e9 de personnes seulement : nous consulter. <br \/>\r\n<br \/>\r\nAttention : pas de commerces \u00e0 proximit\u00e9 !<\/td>\n\t<\/tr>\n<\/tbody>\n<\/table>\n\n<hr \/>\n<h3 id=\"ac\"><span style=\"font-family: arial, helvetica, sans-serif;\">ACC\u00c8S<\/span><\/h3>\n<hr \/>\n<p><span style=\"font-family: arial, helvetica, sans-serif;\"><strong>Se rendre au Tapis Vert<\/strong><\/span><\/p>\n<ol>\n<li><span style=\"text-decoration: underline; font-family: arial, helvetica, sans-serif;\"><strong>en voiture<\/strong><\/span><\/li>\n<\/ol>\n<p><span style=\"font-family: arial, helvetica, sans-serif;\">Le Tapis vert se trouve \u00e0 200km de Paris et 130 km de Rennes.<\/span><\/p>\n<ol start=\"2\">\n<li><span style=\"text-decoration: underline; font-family: arial, helvetica, sans-serif;\"><strong>en train<\/strong><\/span><\/li>\n<\/ol>\n<p><span style=\"font-family: arial, helvetica, sans-serif;\">Votre destination est la gare d\u2019Alen\u00e7on. Depuis Paris Montparnasse-Vaugirard en passant par Surdon ou en TGV via le Mans, puis taxi ou co-voiturage\u00a0<\/span><span style=\"font-family: arial, helvetica, sans-serif;\">depuis la gare d\u2019Alen\u00e7on.<\/span><\/p>\n<p><span style=\"font-family: arial, helvetica, sans-serif;\"><strong><em><u>IMPORTANT<\/u> <\/em><\/strong><strong><em>pour les\u00a0stagiaires\u00a0arrivant par le train :\u00a0<\/em><\/strong><\/span><\/p>\n<p><span style=\"font-family: arial, helvetica, sans-serif;\"><strong><em>le\u00a0Tapis\u00a0Vert se situe \u00e0 une demi-heure en voiture de la gare d&#8217;Alen\u00e7on. Il faut\u00a0normalement\u00a0<\/em><\/strong><a href=\"https:\/\/www.pagesjaunes.fr\/annuaire\/chercherlespros?quoiqui=taxi&#038;ou=Alen%E7on&#038;idOu=L06100100&#038;contexte=IjaCPLuiZ5UQlvSu8yMyHgxISMRndNFsTX8Pg%2Byl0iE%3D&#038;proximite=0&#038;quoiQuiInterprete=taxi\"><strong><em>prendre un taxi<\/em><\/strong><\/a><strong><em>\u00a0pour s&#8217;y rendre. N\u00e9anmoins, nous essayons de coordonner, dans la mesure du possible, l&#8217;arriv\u00e9e des\u00a0stagiaires arrivant en voiture avec celle des stagiaires arrivant\u00a0en train afin que les\u00a0stagiaires arriv\u00e9s en train puissent b\u00e9n\u00e9ficier d&#8217;un co-voiturage group\u00e9. Nous essayons de proc\u00e9der de m\u00eame pour les d\u00e9parts le samedi.\u00a0\u00a0\u00a0<\/em><\/strong><\/span><\/p>\n<p><span style=\"font-family: arial, helvetica, sans-serif;\"><strong><em>Arriv\u00e9e le lundi :\u00a0<\/em><\/strong><\/span><\/p>\n<p><span style=\"font-family: arial, helvetica, sans-serif;\"><strong><em>Un co-voiturage group\u00e9 sera organis\u00e9 le lundi pour les stagiaires arriv\u00e9s \u00e0 la gare d&#8217;Alen\u00e7on par le train de 16h06 afin de les acheminer jusqu&#8217;au Tapis Vert. Merci de nous signaler si vous arriverez par ce train et sinon \u00e0 quelle heure votre arriv\u00e9e est pr\u00e9vue \u00e0 la gare d&#8217;Alen\u00e7on.<\/em><\/strong><\/span><\/p>\n<p><span style=\"font-family: arial, helvetica, sans-serif;\"><strong><em>N.B. :\u00a0nous faisons en sorte\u00a0que le maximum de\u00a0stagiaires puissent \u00eatre\u00a0achemin\u00e9s\u00a0en co-voiturage group\u00e9\u00a0de la gare d&#8217;Alen\u00e7on au Tapis vert le lundi en fin d&#8217;apr\u00e8s-midi.<span style=\"color: #ff0000;\">\u00a0N\u00e9anmoins, les stagiaires arrivant trop\u00a0tardivement\u00a0et isol\u00e9ment\u00a0devront pr\u00e9voir de\u00a0<\/span><\/em><\/strong><a href=\"https:\/\/www.pagesjaunes.fr\/annuaire\/chercherlespros?quoiqui=taxi&#038;ou=Alen%E7on&#038;idOu=L06100100&#038;contexte=IjaCPLuiZ5UQlvSu8yMyHgxISMRndNFsTX8Pg%2Byl0iE%3D&#038;proximite=0&#038;quoiQuiInterprete=taxi\"><strong><em>prendre un taxi<\/em><\/strong><\/a><strong><em>.\u00a0<\/em><\/strong><\/span><\/p>\n<p><span style=\"font-family: arial, helvetica, sans-serif;\"><strong>D\u00e9part samedi :<\/strong><\/span><\/p>\n<p><span style=\"font-family: arial, helvetica, sans-serif;\"><strong><em>Un co-voiturage jusqu&#8217;\u00e0 la gare d&#8217;Alen\u00e7on sera organis\u00e9 le samedi matin pour les stagiaires prenant le train de 12h48. Merci de nous signaler si vous partirez par ce train ou \u00e0 quelle heure sera votre\u00a0train.<\/em><\/strong><\/span><\/p>\n<p><span style=\"font-family: arial, helvetica, sans-serif;\"><strong><em>N.B. : nous faisons en sorte\u00a0que le maximum de\u00a0stagiaires puissent \u00eatre\u00a0achemin\u00e9s\u00a0en co-voiturage\u00a0\u00e0 la gare d&#8217;Alen\u00e7on\u00a0le samedi matin.\u00a0<span style=\"color: #ff0000;\">N\u00e9anmoins,\u00a0en cas de d\u00e9part trop\u00a0matinal ou isol\u00e9,\u00a0les stagiaires devront pr\u00e9voir de\u00a0<\/span><\/em><\/strong><a href=\"https:\/\/www.pagesjaunes.fr\/annuaire\/chercherlespros?quoiqui=taxi&#038;ou=Alen%E7on&#038;idOu=L06100100&#038;contexte=IjaCPLuiZ5UQlvSu8yMyHgxISMRndNFsTX8Pg%2Byl0iE%3D&#038;proximite=0&#038;quoiQuiInterprete=taxi\"><strong><em>prendre un taxi<\/em><\/strong><\/a><strong><em>.\u00a0<\/em><\/strong><\/span><\/p>\n<hr \/>\n<h3 id=\"al\"><span style=\"font-family: arial, helvetica, sans-serif;\">ACCUEIL<\/span><\/h3>\n<hr \/>\n<p><span style=\"font-family: arial, helvetica, sans-serif;\"><strong>L\u2019accueil des stagiaires se fera le lundi 3 ao\u00fbt \u00e0 partir de 17h. <\/strong><\/span><\/p>\n<p><span style=\"font-family: arial, helvetica, sans-serif;\"><strong><span style=\"text-decoration: underline;\">N.B<\/span> : PAS DE REPAS DU LUNDI SOIR ! <\/strong><strong><span style=\"color: #ff0000;\"><span style=\"color: #ff0000;\"><em>Il n&#8217;y a pas de repas servi dans le cadre <\/em><\/span><\/span><span style=\"color: #ff0000;\"><em>de la pension ou de la \u00a01\/2 pension le lundi soir. <\/em><\/span><em>V<\/em><em>euillez pr\u00e9voir d&#8217;apporter votre repas\u00a0pour vous\u00a0<span style=\"caret-color: #ff0000;\">seul<\/span>\u00a0ou \u00e0 partager.\u00a0<\/em><\/strong><\/span><\/p>\n<p><span style=\"font-family: arial, helvetica, sans-serif;\"><strong>Le d\u00e9part aura lieu\u00a0le samedi 8 ao\u00fbt apr\u00e8s le petit d\u00e9jeuner.<\/strong><\/span><\/p>\n<hr \/>\n<h3 id=\"icp\"><span style=\"font-family: arial, helvetica, sans-serif;\">INSCRIPTION<\/span><\/h3>\n<hr \/>\n<pre><span style=\"font-family: arial, helvetica, sans-serif;\"><em><strong><span style=\"color: #ff0000;\">N.B. : avant de compl\u00e9ter votre fiche d'inscription ci-dessous, \r\nveuillez vous renseigner pr\u00e9alablement au 01 45 70 83 94 ou \u00e0 contact@chestnut.fr sur les disponibilit\u00e9s restantes pour les diff\u00e9rents types d\u2019h\u00e9bergement.<\/span><\/strong><\/em><\/span><\/pre>\n<p><span><span style=\"font-family: arial, helvetica, sans-serif;\"><i>La fiche d&#8217;inscription au stage sera tr\u00e8s prochainement disponible ici<\/i><i>.<\/i><\/span><i style=\"font-family: arial, helvetica, sans-serif;\"> <\/i><\/span><\/p>\n<p><em><span style=\"font-family: arial, helvetica, sans-serif;\">R\u00e8glement depuis l&#8217;\u00e9tranger : nous consulter &#8211; P<span class=\"s1\">ayment from abroad, please contact us.<\/span><\/span><\/em><\/p>\n<hr \/>\n<h3 id=\"cr\"><span style=\"font-family: arial, helvetica, sans-serif;\">CONTACT-RENSEIGNEMENTS<\/span><\/h3>\n<hr \/>\n<p><span style=\"font-family: arial, helvetica, sans-serif;\">contact@chestnut.fr ou 01 45 70 83 94<\/span><\/p>\n<hr \/>\n<h3><span style=\"font-family: arial, helvetica, sans-serif;\">FLYER DU STAGE :<\/span><\/h3>\n<hr \/>\n<p><a href=\"https:\/\/chestnut.fr\/?attachment_id=9488\"><img loading=\"lazy\" decoding=\"async\" class=\"alignleft size-medium wp-image-9489\" src=\"https:\/\/chestnut.fr\/wp-content\/uploads\/2020\/02\/Flyer-Tapis-Vert-2020-3-212x300.jpg\" alt=\"Chestnut flyer Tapis Vert 2020\" width=\"212\" height=\"300\" srcset=\"https:\/\/chestnut.ovh\/wp-content\/uploads\/2020\/02\/Flyer-Tapis-Vert-2020-3-212x300.jpg 212w, https:\/\/chestnut.ovh\/wp-content\/uploads\/2020\/02\/Flyer-Tapis-Vert-2020-3-724x1024.jpg 724w, https:\/\/chestnut.ovh\/wp-content\/uploads\/2020\/02\/Flyer-Tapis-Vert-2020-3-768x1086.jpg 768w, https:\/\/chestnut.ovh\/wp-content\/uploads\/2020\/02\/Flyer-Tapis-Vert-2020-3-600x849.jpg 600w, https:\/\/chestnut.ovh\/wp-content\/uploads\/2020\/02\/Flyer-Tapis-Vert-2020-3-1086x1536.jpg 1086w, https:\/\/chestnut.ovh\/wp-content\/uploads\/2020\/02\/Flyer-Tapis-Vert-2020-3-100x141.jpg 100w, https:\/\/chestnut.ovh\/wp-content\/uploads\/2020\/02\/Flyer-Tapis-Vert-2020-3.jpg 1240w\" sizes=\"auto, (max-width: 212px) 100vw, 212px\" \/><\/a><\/p>\n<p>&nbsp;<\/p>\n<p>&nbsp;<\/p>\n<p>&nbsp;<\/p>\n<p>&nbsp;<\/p>\n<p>&nbsp;<\/p>\n<p>&nbsp;<\/p>\n<p>&nbsp;<\/p>\n<p><span style=\"font-family: arial, helvetica, sans-serif;\"><a href=\"https:\/\/chestnut.fr\/?attachment_id=9488\"><span style=\"font-family: arial, helvetica, sans-serif;\">Flyer Tapis Vert 2020<\/span><\/a><\/span><\/p>\n<p>&nbsp;<\/p>\n","protected":false},"excerpt":{"rendered":"<p>POSTPONED: FROM AUGUST 2 TO 7, 2021 &nbsp; WITH REGRET, WE HAVE TO ANNOUNCE THE CANCELLATION OF OUR RESIDENTIAL SUMMER CLASSES DUE TO THE LACK OF VISIBILITY IN THE DEVELOPMENT OF THE CURRENT HEALTH CRISIS. ALL DEPOSIT WILL BE REFUNDED. SEE YOU NEXT YEAR FROM AUGUST 2 TO 7, \u00a02021 HOPING TO MEET MANY OF [&hellip;]<\/p>\n","protected":false},"author":8,"featured_media":0,"parent":0,"menu_order":0,"comment_status":"closed","ping_status":"closed","template":"","meta":{"_monsterinsights_skip_tracking":false,"_monsterinsights_sitenote_active":false,"_monsterinsights_sitenote_note":"","_monsterinsights_sitenote_category":0,"footnotes":""},"class_list":["post-9478","page","type-page","status-publish","hentry"],"yoast_head":"<!-- This site is optimized with the Yoast SEO plugin v19.6.1 - https:\/\/yoast.com\/wordpress\/plugins\/seo\/ -->\n<title>Stage d\u2019\u00e9t\u00e9 de danse historique 2020 - Chestnut<\/title>\n<meta name=\"robots\" content=\"index, follow, max-snippet:-1, max-image-preview:large, max-video-preview:-1\" \/>\n<link rel=\"canonical\" href=\"https:\/\/chestnut.ovh\/stage-dete-de-danse-historique-2020\/\" \/>\n<meta name=\"twitter:label1\" content=\"Estimated reading time\" \/>\n\t<meta name=\"twitter:data1\" content=\"25 minutes\" \/>\n<script type=\"application\/ld+json\" class=\"yoast-schema-graph\">{\"@context\":\"https:\/\/schema.org\",\"@graph\":[{\"@type\":\"WebPage\",\"@id\":\"https:\/\/chestnut.ovh\/stage-dete-de-danse-historique-2020\/\",\"url\":\"https:\/\/chestnut.ovh\/stage-dete-de-danse-historique-2020\/\",\"name\":\"[:en]Stage d\u2019\u00e9t\u00e9 de danse historique 2020[:fr]Stage d\u2019\u00e9t\u00e9 de danse historique 2020[:] - Chestnut\",\"isPartOf\":{\"@id\":\"https:\/\/chestnut.ovh\/#website\"},\"datePublished\":\"2020-02-21T13:20:26+00:00\",\"dateModified\":\"2020-09-01T19:05:30+00:00\",\"breadcrumb\":{\"@id\":\"https:\/\/chestnut.ovh\/stage-dete-de-danse-historique-2020\/#breadcrumb\"},\"inLanguage\":\"en-GB\",\"potentialAction\":[{\"@type\":\"ReadAction\",\"target\":[\"https:\/\/chestnut.ovh\/stage-dete-de-danse-historique-2020\/\"]}]},{\"@type\":\"BreadcrumbList\",\"@id\":\"https:\/\/chestnut.ovh\/stage-dete-de-danse-historique-2020\/#breadcrumb\",\"itemListElement\":[{\"@type\":\"ListItem\",\"position\":1,\"name\":\"Accueil\",\"item\":\"https:\/\/chestnut.ovh\/\"},{\"@type\":\"ListItem\",\"position\":2,\"name\":\"Stage d\u2019\u00e9t\u00e9 de danse historique 2020\"}]},{\"@type\":\"WebSite\",\"@id\":\"https:\/\/chestnut.ovh\/#website\",\"url\":\"https:\/\/chestnut.ovh\/\",\"name\":\"Chestnut\",\"description\":\"English Country Dancing & Danses anciennes de l&#039;\u00e9poque des Stuarts .... et des romans de Jane Austen !\",\"potentialAction\":[{\"@type\":\"SearchAction\",\"target\":{\"@type\":\"EntryPoint\",\"urlTemplate\":\"https:\/\/chestnut.ovh\/?s={search_term_string}\"},\"query-input\":\"required name=search_term_string\"}],\"inLanguage\":\"en-GB\"}]}<\/script>\n<!-- \/ Yoast SEO plugin. -->","yoast_head_json":{"title":"Stage d\u2019\u00e9t\u00e9 de danse historique 2020 - Chestnut","robots":{"index":"index","follow":"follow","max-snippet":"max-snippet:-1","max-image-preview":"max-image-preview:large","max-video-preview":"max-video-preview:-1"},"canonical":"https:\/\/chestnut.ovh\/stage-dete-de-danse-historique-2020\/","twitter_misc":{"Estimated reading time":"25 minutes"},"schema":{"@context":"https:\/\/schema.org","@graph":[{"@type":"WebPage","@id":"https:\/\/chestnut.ovh\/stage-dete-de-danse-historique-2020\/","url":"https:\/\/chestnut.ovh\/stage-dete-de-danse-historique-2020\/","name":"[:en]Stage d\u2019\u00e9t\u00e9 de danse historique 2020[:fr]Stage d\u2019\u00e9t\u00e9 de danse historique 2020[:] - Chestnut","isPartOf":{"@id":"https:\/\/chestnut.ovh\/#website"},"datePublished":"2020-02-21T13:20:26+00:00","dateModified":"2020-09-01T19:05:30+00:00","breadcrumb":{"@id":"https:\/\/chestnut.ovh\/stage-dete-de-danse-historique-2020\/#breadcrumb"},"inLanguage":"en-GB","potentialAction":[{"@type":"ReadAction","target":["https:\/\/chestnut.ovh\/stage-dete-de-danse-historique-2020\/"]}]},{"@type":"BreadcrumbList","@id":"https:\/\/chestnut.ovh\/stage-dete-de-danse-historique-2020\/#breadcrumb","itemListElement":[{"@type":"ListItem","position":1,"name":"Accueil","item":"https:\/\/chestnut.ovh\/"},{"@type":"ListItem","position":2,"name":"Stage d\u2019\u00e9t\u00e9 de danse historique 2020"}]},{"@type":"WebSite","@id":"https:\/\/chestnut.ovh\/#website","url":"https:\/\/chestnut.ovh\/","name":"Chestnut","description":"English Country Dancing & Danses anciennes de l&#039;\u00e9poque des Stuarts .... et des romans de Jane Austen !","potentialAction":[{"@type":"SearchAction","target":{"@type":"EntryPoint","urlTemplate":"https:\/\/chestnut.ovh\/?s={search_term_string}"},"query-input":"required name=search_term_string"}],"inLanguage":"en-GB"}]}},"_links":{"self":[{"href":"https:\/\/chestnut.ovh\/en\/wp-json\/wp\/v2\/pages\/9478","targetHints":{"allow":["GET"]}}],"collection":[{"href":"https:\/\/chestnut.ovh\/en\/wp-json\/wp\/v2\/pages"}],"about":[{"href":"https:\/\/chestnut.ovh\/en\/wp-json\/wp\/v2\/types\/page"}],"author":[{"embeddable":true,"href":"https:\/\/chestnut.ovh\/en\/wp-json\/wp\/v2\/users\/8"}],"replies":[{"embeddable":true,"href":"https:\/\/chestnut.ovh\/en\/wp-json\/wp\/v2\/comments?post=9478"}],"version-history":[{"count":64,"href":"https:\/\/chestnut.ovh\/en\/wp-json\/wp\/v2\/pages\/9478\/revisions"}],"predecessor-version":[{"id":9494,"href":"https:\/\/chestnut.ovh\/en\/wp-json\/wp\/v2\/pages\/9478\/revisions\/9494"}],"wp:attachment":[{"href":"https:\/\/chestnut.ovh\/en\/wp-json\/wp\/v2\/media?parent=9478"}],"curies":[{"name":"wp","href":"https:\/\/api.w.org\/{rel}","templated":true}]}}